{"id":1008,"date":"2022-04-27T16:11:50","date_gmt":"2022-04-27T19:11:50","guid":{"rendered":"http:\/\/c2360366.ferozo.com\/new\/?page_id=1008"},"modified":"2026-02-23T09:50:36","modified_gmt":"2026-02-23T12:50:36","slug":"terminar-el-secundario","status":"publish","type":"page","link":"https:\/\/www.institutosaber.edu.ar\/bachillerato\/terminar-el-secundario\/","title":{"rendered":"terminar el secundario a distancia"},"content":{"rendered":"<div class=\"gb-container gb-container-cdb0e833\"><div class=\"gb-inside-container\">\n<div class=\"gb-grid-wrapper gb-grid-wrapper-1bb68d38\">\n<div class=\"gb-grid-column gb-grid-column-60682a6a\"><div class=\"gb-container gb-container-60682a6a\"><div class=\"gb-inside-container\">\n\n<h2 class=\"gb-headline gb-headline-f2abc893 gb-headline-text\"><strong>Terminar el Secundario a Distancia<\/strong><\/h2>\n\n\n\n<p class=\"has-base-3-color has-text-color has-large-font-size\">CICLO ORIENTADO<\/p>\n\n\n\n<p class=\"has-text-align-center has-base-3-color has-text-color\"><\/p>\n\n<\/div><\/div><\/div>\n<\/div>\n<\/div><\/div>\n\n\n<p class=\"gb-headline gb-headline-eca6566a gb-headline-text\"><mark class=\"gb-highlight\"><strong>Terminar el secundario a distancia<\/strong><\/mark> Y MEJORA tu futuro. <\/p>\n\n\n\n<h3 class=\"gb-headline gb-headline-6ae2c8ea\"><span class=\"gb-icon\"><svg viewBox=\"0 0 36.7 3\" xmlns=\"http:\/\/www.w3.org\/2000\/svg\"><path d=\"M0 0h36.7v3H0z\"><\/path><\/svg><\/span><span class=\"gb-headline-text\"><strong>CICLO ORIENTADO<\/strong><\/span><\/h3>\n\n\n<div class=\"gb-container gb-container-e77576fc\" id=\"home\"><div class=\"gb-inside-container\">\n<div class=\"gb-grid-wrapper gb-grid-wrapper-b237fb20\">\n<div class=\"gb-grid-column gb-grid-column-b18f6d95\"><div class=\"gb-container gb-container-b18f6d95\"><div class=\"gb-inside-container\">\n<div class=\"gb-grid-wrapper gb-grid-wrapper-95d264e7\">\n<div class=\"gb-grid-column gb-grid-column-7bfd3af9\"><div class=\"gb-container gb-container-7bfd3af9\"><div class=\"gb-inside-container\">\n\n<figure class=\"wp-block-image size-full\"><img decoding=\"async\" width=\"995\" height=\"941\" src=\"https:\/\/www.institutosaber.edu.ar\/bachillerato\/wp-content\/uploads\/2026\/02\/BOTON_CicloOrientado.webp\" alt=\"Ciclo Orientado - Bachillerato SABER\" class=\"wp-image-4128\" srcset=\"https:\/\/www.institutosaber.edu.ar\/bachillerato\/wp-content\/uploads\/2026\/02\/BOTON_CicloOrientado.webp 995w, https:\/\/www.institutosaber.edu.ar\/bachillerato\/wp-content\/uploads\/2026\/02\/BOTON_CicloOrientado-300x284.webp 300w, https:\/\/www.institutosaber.edu.ar\/bachillerato\/wp-content\/uploads\/2026\/02\/BOTON_CicloOrientado-768x726.webp 768w\" sizes=\"(max-width: 995px) 100vw, 995px\" \/><\/figure>\n\n<\/div><\/div><\/div>\n\n<div class=\"gb-grid-column gb-grid-column-b347b6fa\"><div class=\"gb-container gb-container-b347b6fa\"><div class=\"gb-inside-container\">\n\n<p class=\"has-contrast-2-color has-text-color\" style=\"font-size:16px\"><strong>Si sos mayor de 18 a\u00f1os y cont\u00e1s con el CB (Ciclo B\u00e1sico) o estudios previos (parciales) de nivel secundario, esta propuesta es para vos.<br><br>En Instituto SABER \u00abEvolucionamos\u00bb la forma de hacer el Bachillerato Acelerado para Adultos, para que terminar el secundario a distancia tenga un valor agregado en tu vida.<br><br>As\u00ed al terminar el CO (Ciclo Orientado) obtendr\u00e1s el Certificado de Estudios de <a href=\"https:\/\/www.institutosaber.edu.ar\/bachillerato\/bachillerato-acelerado-a-distancia\/\">Bachiller con orientaci\u00f3n en Econom\u00eda y Administraci\u00f3n<\/a>.<\/strong><\/p>\n\n<\/div><\/div><\/div>\n<\/div>\n<\/div><\/div><\/div>\n<\/div>\n<\/div><\/div>\n\n<div class=\"gb-container gb-container-4ebdace5\">\n<div class=\"gb-container gb-container-090ff713\">\n<div class=\"gb-grid-wrapper gb-grid-wrapper-6465241b\">\n<div class=\"gb-grid-column gb-grid-column-9c81df1e\"><div class=\"gb-container gb-container-9c81df1e\">\n\n<a class=\"gb-button gb-button-39e42af8\" href=\"https:\/\/www.institutosaber.edu.ar\/bachillerato\/contacto-bachiller-online\/\"><span class=\"gb-icon\"><svg xmlns=\"http:\/\/www.w3.org\/2000\/svg\" viewBox=\"0 0 512 512\" width=\"1em\" height=\"1em\" aria-hidden=\"true\"><path d=\"M464 64H48C21.49 64 0 85.49 0 112v288c0 26.51 21.49 48 48 48h416c26.51 0 48-21.49 48-48V112c0-26.51-21.49-48-48-48zm0 48v40.805c-22.422 18.259-58.168 46.651-134.587 106.49-16.841 13.247-50.201 45.072-73.413 44.701-23.208.375-56.579-31.459-73.413-44.701C106.18 199.465 70.425 171.067 48 152.805V112h416zM48 400V214.398c22.914 18.251 55.409 43.862 104.938 82.646 21.857 17.205 60.134 55.186 103.062 54.955 42.717.231 80.509-37.199 103.053-54.947 49.528-38.783 82.032-64.401 104.947-82.653V400H48z\" fill=\"currentColor\"><\/path><\/svg><\/span><span class=\"gb-button-text\"> contacto<\/span><\/a>\n\n<\/div><\/div>\n\n<div class=\"gb-grid-column gb-grid-column-3cfcb9cf\"><div class=\"gb-container gb-container-3cfcb9cf\">\n\n<a class=\"gb-button gb-button-67882daa\" href=\"https:\/\/wa.link\/86wtwp\" target=\"_blank\" rel=\"noopener noreferrer\"><span class=\"gb-icon\"><svg aria-hidden=\"true\" role=\"img\" height=\"1em\" width=\"1em\" viewBox=\"0 0 448 512\" xmlns=\"http:\/\/www.w3.org\/2000\/svg\"><path fill=\"currentColor\" d=\"M380.9 97.1C339 55.1 283.2 32 223.9 32c-122.4 0-222 99.6-222 222 0 39.1 10.2 77.3 29.6 111L0 480l117.7-30.9c32.4 17.7 68.9 27 106.1 27h.1c122.3 0 224.1-99.6 224.1-222 0-59.3-25.2-115-67.1-157zm-157 341.6c-33.2 0-65.7-8.9-94-25.7l-6.7-4-69.8 18.3L72 359.2l-4.4-7c-18.5-29.4-28.2-63.3-28.2-98.2 0-101.7 82.8-184.5 184.6-184.5 49.3 0 95.6 19.2 130.4 54.1 34.8 34.9 56.2 81.2 56.1 130.5 0 101.8-84.9 184.6-186.6 184.6zm101.2-138.2c-5.5-2.8-32.8-16.2-37.9-18-5.1-1.9-8.8-2.8-12.5 2.8-3.7 5.6-14.3 18-17.6 21.8-3.2 3.7-6.5 4.2-12 1.4-32.6-16.3-54-29.1-75.5-66-5.7-9.8 5.7-9.1 16.3-30.3 1.8-3.7.9-6.9-.5-9.7-1.4-2.8-12.5-30.1-17.1-41.2-4.5-10.8-9.1-9.3-12.5-9.5-3.2-.2-6.9-.2-10.6-.2-3.7 0-9.7 1.4-14.8 6.9-5.1 5.6-19.4 19-19.4 46.3 0 27.3 19.9 53.7 22.6 57.4 2.8 3.7 39.1 59.7 94.8 83.8 35.2 15.2 49 16.5 66.6 13.9 10.7-1.6 32.8-13.4 37.4-26.4 4.6-13 4.6-24.1 3.2-26.4-1.3-2.5-5-3.9-10.5-6.6z\"><\/path><\/svg><\/span><span class=\"gb-button-text\">Whatsapp<\/span><\/a>\n\n<\/div><\/div>\n<\/div>\n<\/div>\n<\/div>\n\n<div class=\"gb-container gb-container-27c5773e\"><div class=\"gb-inside-container\">\n\n<h2 class=\"gb-headline gb-headline-0942b329 gb-headline-text\">Toda la Info para estudiar y<br>terminar el secundario a distancia<\/h2>\n\n\n\n<p class=\"has-text-align-center\">Proyectarte al mercado laboral requiere que cuentes con el bachillerato finalizado. <br>Las empresas y organizaciones de todos los sectores consideran que es indispensable que su Capital Humano termine el secundario a distancia.<br>Complet\u00e1 el Ciclo de Orientaci\u00f3n para impulsar tu desarrollo personal y para sumarte al mercado laboral.<\/p>\n\n\n<div class=\"gb-container gb-container-505cad48\"><div class=\"gb-inside-container\">\n<div class=\"lightweight-accordion has-text-color has-background\"><details><summary class=\"lightweight-accordion-title\" style=\"color:var(--contrast-2);background:var(--base);\"><span><strong>MODALIDADES DE CURSADO<\/strong><\/span><\/summary><div class=\"lightweight-accordion-body\" style=\"border-color:var(--base);\">\n\n<p><\/p>\n\n\n\n<p class=\"has-text-align-center has-contrast-2-color has-text-color\">La opci\u00f3n pedag\u00f3gica  de cursado se ajustan a tus necesidades personales y laborales. <br>En Instituto SABER nos adaptamos a vos!<\/p>\n\n\n<div class=\"gb-grid-wrapper gb-grid-wrapper-e803cea0\">\n<div class=\"gb-grid-column gb-grid-column-15e68222\"><div class=\"gb-container gb-container-15e68222\"><div class=\"gb-inside-container\">\n\n<h3 class=\"gb-headline gb-headline-43bec474 gb-headline-text\">Distancia<\/h3>\n\n\n\n<p class=\"gb-headline gb-headline-43803799 gb-headline-text\"><\/p>\n\n\n\n<p class=\"has-text-align-center has-contrast-2-color has-text-color\">\u00b7 Contenidos y evaluaciones en CAMPUS virtual.<br>\u00b7 Clases de consultas una vez por semana, a la tarde\/noche. <br>. Tutor\u00edas en vivo y personalizadas por ZOOM, <br>tambi\u00e9n pod\u00e9s hacerlas por tel\u00e9fono o email.<br>Sin Asistencia obligatoria.<\/p>\n\n<\/div><\/div><\/div>\n<\/div>\n<\/div><\/details><\/div>\n\n<div class=\"lightweight-accordion has-text-color has-background\"><details><summary class=\"lightweight-accordion-title\" style=\"color:var(--contrast-2);background:var(--base);\"><span><strong>PLAN DE ESTUDIOS<\/strong><\/span><\/summary><div class=\"lightweight-accordion-body\" style=\"border-color:var(--base);\">\n<div class=\"gb-container gb-container-3309ed41\"><div class=\"gb-inside-container\">\n\n<p class=\"has-contrast-2-color has-text-color\">El primer a\u00f1o corresponde al <strong><a href=\"https:\/\/www.institutosaber.edu.ar\/bachillerato\/secundario-online-para-adultos\/(abre en una nueva pesta\u00f1a)\">CB (Ciclo B\u00e1sico)<\/a> <\/strong><\/p>\n\n\n\n<div class=\"wp-block-columns is-layout-flex wp-container-core-columns-is-layout-9d6595d7 wp-block-columns-is-layout-flex\">\n<div class=\"wp-block-column is-layout-flow wp-block-column-is-layout-flow\">\n<p><strong>SEGUNDO A\u00d1O<\/strong><\/p>\n\n\n\n<ul class=\"wp-block-list\">\n<li>Matem\u00e1tica II.<\/li>\n\n\n\n<li>Qu\u00edmica.<\/li>\n\n\n\n<li>F\u00edsica.<\/li>\n\n\n\n<li>Lengua y Literatura II.<\/li>\n\n\n\n<li>Ingl\u00e9s II.<\/li>\n\n\n\n<li>Psicolog\u00eda Social.<\/li>\n\n\n\n<li>Historia II.<\/li>\n\n\n\n<li>Derecho del Trabajo y Seguridad Social.<\/li>\n\n\n\n<li>Problem\u00e1ticas Econ\u00f3micas Actuales.<\/li>\n\n\n\n<li>Sistema de Informaci\u00f3n Contable I.<\/li>\n<\/ul>\n<\/div>\n\n\n\n<div class=\"wp-block-column is-layout-flow wp-block-column-is-layout-flow\">\n<h2 class=\"gb-headline gb-headline-8b449294 gb-headline-text\">TERCER A\u00d1O<\/h2>\n\n\n\n<ul class=\"wp-block-list\">\n<li>Matem\u00e1tica III.<\/li>\n\n\n\n<li>Problem\u00e1tica de Salud Humana y Ambiental.<\/li>\n\n\n\n<li>Lengua y Literatura III.<\/li>\n\n\n\n<li>Ingl\u00e9s III.<\/li>\n\n\n\n<li>Espacio y Sociedad en Argentina y Am\u00e9rica Latina.<\/li>\n\n\n\n<li>Sociolog\u00eda.<\/li>\n\n\n\n<li>Sistema de Informaci\u00f3n Contable II.<\/li>\n\n\n\n<li>Econom\u00eda.<\/li>\n\n\n\n<li>Cooperativas y Entidades sin fines de Lucro.<\/li>\n\n\n\n<li>EVSO: Espacio de Vinculaci\u00f3n con el Sector de la Orientaci\u00f3n.<\/li>\n\n\n\n<li>Promoci\u00f3n de la Salud Humana Integral.<\/li>\n<\/ul>\n<\/div>\n<\/div>\n\n\n<div class=\"gb-container gb-container-44585dab\"><div class=\"gb-inside-container\">\n<div class=\"gb-button-wrapper gb-button-wrapper-9b40c887\">\n\n<a class=\"gb-button gb-button-bfc26260 gb-button-text\" href=\"https:\/\/www.institutosaber.edu.ar\/bachillerato\/wp-content\/uploads\/2022\/10\/CICLO-COMPLETO-PLAN-DE-ESTUDIO-SABER-BACHILLERATO.pdf\" target=\"_blank\" rel=\"noopener noreferrer\">Descargar aqu\u00ed el plan de estudios<\/a>\n\n<\/div>\n<\/div><\/div>\n<\/div><\/div>\n<\/div><\/details><\/div>\n\n<div class=\"lightweight-accordion has-text-color has-background\"><details><summary class=\"lightweight-accordion-title\" style=\"color:var(--contrast-2);background:var(--base);\"><span><strong>CONOCIMIENTOS ADQUIRIDOS<\/strong><\/span><\/summary><div class=\"lightweight-accordion-body\" style=\"border-color:var(--base);\">\n\n<p><\/p>\n\n\n\n<div class=\"wp-block-columns is-layout-flex wp-container-core-columns-is-layout-9d6595d7 wp-block-columns-is-layout-flex\">\n<div class=\"wp-block-column is-layout-flow wp-block-column-is-layout-flow\">\n<p class=\"gb-headline gb-headline-ad36190c gb-headline-text\"><strong>El estudiante que alcance el Certificado de Estudios de Bachiller con orientaci\u00f3n en Econom\u00eda y Administraci\u00f3n, habiendo acreditado los dos ciclos que componen el Nivel (Ciclo B\u00e1sico y Ciclo Orientado) ser\u00e1 capaz de:<\/strong><\/p>\n\n\n\n<ul class=\"wp-block-list\">\n<li>Construir su identidad personal y social con libertad y responsabilidad.<\/li>\n\n\n\n<li>Reconocer la transformaci\u00f3n cultural producida por la transformaci\u00f3n digital.<\/li>\n\n\n\n<li>Comprender qu\u00e9 es la \u201ceconom\u00eda del conocimiento\u201d y la transformaci\u00f3n digital que la misma implica.<\/li>\n\n\n\n<li>Apropiarse de metodolog\u00edas \u00e1giles que le permita la conformaci\u00f3n de equipos multidisciplinarios y de trabajo colaborativo, como anticipaci\u00f3n a los diversos escenarios laborales que la cultura actual presenta.<\/li>\n\n\n\n<li>Poner en marcha acciones que impliquen transformaci\u00f3n digital, propias de la cultura actual.<\/li>\n\n\n\n<li>Interpretar, apropiar y aplicar diferentes conocimientos y herramientas referidos a las tecnolog\u00edas aplicadas.<\/li>\n<\/ul>\n\n\n\n<h3 class=\"gb-headline gb-headline-3c39302f gb-headline-text\"><em>Terminar el secundario a distancia <\/em><br><em>es fundamental para tu futuro como individuo <\/em><br><em>parte de una comunidad<\/em> productiva<\/h3>\n\n\n\n<ul class=\"wp-block-list\">\n<li>Conocer y potenciar el uso de diversas herramientas tecnol\u00f3gicas, especialmente aqu\u00e9llas que generan contacto entre personas, para crear emprendimientos y para lograr agilidad en la circulaci\u00f3n de la informaci\u00f3n. Reconocer nuevos modelos de negocios logrados a trav\u00e9s de la digitalizaci\u00f3n de sus principales procesos.<\/li>\n\n\n\n<li>Incorporar capacidades para la promoci\u00f3n social y cultural como joven y\/o adulto y para la inserci\u00f3n en el mundo del trabajo.<\/li>\n\n\n\n<li>Conocer el funcionamiento y la utilidad de diversas plataformas de trabajo.<\/li>\n<\/ul>\n\n\n\n<h3 class=\"gb-headline gb-headline-7da7d31a gb-headline-text\"><em>Un Bachillerato acelerado para terminar secundario, <br>es una alternativa ideal para recuperar tiempo<br>e insertarte laboralmente<\/em><\/h3>\n\n\n\n<ul class=\"wp-block-list\">\n<li>Posibilitar la continuidad de estudios superiores o instancias de formaci\u00f3n profesional, en el marco de la educaci\u00f3n permanente.<\/li>\n\n\n\n<li>Desarrollar competencias apropiadas para cubrir las necesidades socioculturales y productivas de la comunidad en que vive y laboralmente se inserte.<\/li>\n\n\n\n<li>Participar e integrarse como ciudadano cr\u00edtico y reflexivo en una sociedad democr\u00e1tica situ\u00e1ndose como participantes activos en un mundo en permanente cambio.<\/li>\n<\/ul>\n<\/div>\n<\/div>\n\n<\/div><\/details><\/div>\n\n<div class=\"lightweight-accordion has-text-color has-background\"><details><summary class=\"lightweight-accordion-title\" style=\"color:var(--contrast-2);background:var(--base);\"><span><strong>PERFIL Y COMPETENCIAS DEL EGRESADO<\/strong><\/span><\/summary><div class=\"lightweight-accordion-body\" style=\"border-color:var(--base);\">\n\n<p><\/p>\n\n\n\n<p>En estos \u00faltimos a\u00f1os se ha producido una fuerte reconversi\u00f3n representando profundos cambios en todas las organizaciones. Por lo que nos orientamos a formar e incentivar al alumno en conocer, reflexionar, comprender e insertarse activamente dentro de este cambio de \u00e9poca, frente a la coyuntura que se presenta.<br><br>A trav\u00e9s de esta modalidad se formar\u00e1 al alumno en competencias referidas a \u00abaprender a aprender\u00bb, \u00abaprender a hacer\u00bb, y \u00abaprender a ser\u00bb , logrando el desarrollo pleno de sus potencialidades con autonom\u00eda, creatividad y perseverancia.<\/p>\n\n\n\n<h4 class=\"gb-headline gb-headline-8f27ffb9 gb-headline-text\"><strong><em>Terminar el bachillerato acelerado y a distancia en SABER <br>es diferente al resto<br>y te permite alcanzar competencias superadoras.<br>Una opci\u00f3n para diferenciarte!.<\/em><\/strong><\/h4>\n\n\n\n<p>El desarrollo de estas competencias les permitir\u00e1 situarse en diversos contextos sociales y productivos a trav\u00e9s de dispositivos de vinculaci\u00f3n como la simulaci\u00f3n y la realizaci\u00f3n de emprendimientos, para establecer la conexi\u00f3n entre la formaci\u00f3n orientada y el campo ocupacional espec\u00edfico. Y, si lo desean, continuar su trayectoria educativa en otros niveles.<br><br>El tr\u00e1nsito por este nivel posibilita el desarrollo de un n\u00facleo de competencias b\u00e1sicas y orientadas a partir de la adquisici\u00f3n de capacidades intelectuales, pr\u00e1cticas y sociales complejas que poseen distintos grados de integraci\u00f3n del conocimiento y se ponen de manifiesto en el modo de operar sobre la realidad en los diversos \u00e1mbitos, acciones de la vida individual, social y productiva.<\/p>\n\n<\/div><\/details><\/div>\n\n<div class=\"lightweight-accordion has-text-color has-background\"><details><summary class=\"lightweight-accordion-title\" style=\"color:var(--contrast-2);background:var(--base);\"><span><strong>REQUISITOS DE INSCRIPCI\u00d3N<\/strong><\/span><\/summary><div class=\"lightweight-accordion-body\" style=\"border-color:var(--base);\">\n\n<p><\/p>\n\n\n\n<p>Para hacer efectiva la inscripci\u00f3n deber\u00e1s abonar el arancel de la matr\u00edcula y presentar:<\/p>\n\n\n\n<div class=\"wp-block-columns is-layout-flex wp-container-core-columns-is-layout-9d6595d7 wp-block-columns-is-layout-flex\">\n<div class=\"wp-block-column is-layout-flow wp-block-column-is-layout-flow\"><div class=\"wp-block-image\">\n<figure class=\"aligncenter size-large is-resized\"><img decoding=\"async\" src=\"https:\/\/www.institutosaber.edu.ar\/wp-content\/uploads\/2022\/05\/Carreras-Certificado-de-Estudios-de-Nivel-Medio.svg\" alt=\"&quot;&quot;\" class=\"wp-image-2257\" style=\"width:120px;height:120px\"\/><\/figure>\n<\/div>\n\n\n<p class=\"has-text-align-center\">Si corresponde, Certificado de Estudios parciales de Nivel Medio, autenticado por el colegio que lo emiti\u00f3, en original y fotocopia.<\/p>\n<\/div>\n\n\n\n<div class=\"wp-block-column is-layout-flow wp-block-column-is-layout-flow\"><div class=\"wp-block-image\">\n<figure class=\"aligncenter size-large is-resized\"><img decoding=\"async\" src=\"https:\/\/www.institutosaber.edu.ar\/wp-content\/uploads\/2022\/05\/Carreras-FotosCarnet.svg\" alt=\"&quot;&quot;\" class=\"wp-image-2259\" style=\"width:120px;height:120px\"\/><\/figure>\n<\/div>\n\n\n<p class=\"has-text-align-center\">Dos fotos carnet (4\u00d74).<\/p>\n<\/div>\n\n\n\n<div class=\"wp-block-column is-layout-flow wp-block-column-is-layout-flow\"><div class=\"wp-block-image\">\n<figure class=\"aligncenter size-large is-resized\"><img decoding=\"async\" src=\"https:\/\/www.institutosaber.edu.ar\/wp-content\/uploads\/2022\/05\/Carreras-DNI.svg\" alt=\"&quot;&quot;\" class=\"wp-image-2258\" style=\"width:120px;height:120px\"\/><\/figure>\n<\/div>\n\n\n<p class=\"has-text-align-center\">Documento de Identidad original y fotocopia.<\/p>\n<\/div>\n\n\n\n<div class=\"wp-block-column is-layout-flow wp-block-column-is-layout-flow\"><div class=\"wp-block-image\">\n<figure class=\"aligncenter size-large is-resized\"><img decoding=\"async\" src=\"https:\/\/www.institutosaber.edu.ar\/wp-content\/uploads\/2022\/05\/Carreras-Aptofisico.svg\" alt=\"&quot;&quot;\" class=\"wp-image-2260\" style=\"width:120px;height:120px\"\/><\/figure>\n<\/div>\n\n\n<p class=\"has-text-align-center\">Apto psicof\u00edsico, que deber\u00e1 ser completado por un m\u00e9dico de una entidad privada o p\u00fablica<\/p>\n<\/div>\n<\/div>\n\n\n<div class=\"gb-container gb-container-6744eb61\"><div class=\"gb-inside-container\">\n<div class=\"gb-container gb-container-47dc8f43\"><div class=\"gb-inside-container\">\n<div class=\"wp-block-image is-style-default\">\n<figure class=\"aligncenter size-large is-resized\"><img decoding=\"async\" src=\"https:\/\/www.institutosaber.edu.ar\/wp-content\/uploads\/2022\/05\/3-fondo-azul-1.svg\" alt=\"Inscripciones para terminar el secundario online\" class=\"wp-image-2280\" style=\"width:120px;height:120px\"\/><\/figure>\n<\/div>\n\n\n<p class=\"gb-headline gb-headline-e9c49b0f gb-headline-text\"><em><strong>Requisitos de Admisi\u00f3n de los alumnos<\/strong><\/em><\/p>\n\n\n\n<h3 class=\"gb-headline gb-headline-5866f10c gb-headline-text\"><em>para terminar el <\/em><br><em>el secundario a distancia<\/em><\/h3>\n\n\n\n<p style=\"font-size:18px\"><strong>Para ingresar al 1\u00ba a\u00f1o &#8211; Plan Adultos<\/strong><\/p>\n\n\n\n<p style=\"font-size:18px\">\u2022 Edad: 18 a\u00f1os cumplidos al 30 de junio<br>Opciones a Acreditar:<br>Estudios de Nivel Primarios Completos EGB 1 y 2; 6to ,7mo. Seg\u00fan corresponda.<br>Ciclo B\u00e1sico incompleto Acreditar 1\u00ba y\/o 2\u00ba a\u00f1o incompletos de planes de estudio anteriores al Dcto 141\/96.<br>CBU Plan decreto Nro 141\/96 o ciclo B\u00e1sico Plan Res. Nro 29\/10 y sus equivalentes de la Educaci\u00f3n T\u00e9cnico Profesional o Educaci\u00f3n Rural Incompletos.<\/p>\n\n\n\n<h4 class=\"gb-headline gb-headline-d3ec0d76 gb-headline-text\"><em>Requisitos para terminar el secundario a distancia<\/em><\/h4>\n\n\n\n<p style=\"font-size:18px\"><strong>Para ingresar 2\u00ba A\u00f1o &#8211; Plan Adultos<\/strong><br> Edad: 18 a\u00f1os cumplidos al 30 de junio.<br>Opciones a Acreditar:<br>Ciclo B\u00e1sico de Adultos, Plan de Estudio Resoluci\u00f3n N\u00ba 84\/11 completo.<br>1\u00ba a\u00f1o completo de Planes de Estudio de la modalidad de J\u00f3venes y Adultos anteriores a la Resoluci\u00f3n N\u00ba 84\/11 (Ejemplos: Decreto N\u00ba 187\/98, Decreto N\u00ba 102\/97, Resoluci\u00f3n N\u00ba 206\/83), sin rendir equivalencias.<br>CBU Plan de Estudio Decreto N\u00ba 141\/96 o Ciclo B\u00e1sico Plan Resoluci\u00f3n N\u00ba 29\/10 completo y sus equivalencias de la Educaci\u00f3n T\u00e9cnico Profesional y Educaci\u00f3n Rural completos, sin equivalencias.<br>1\u00ba y 2\u00ba a\u00f1o completos o adeudar no m\u00e1s de 2 espacios curriculares de Planes de Estudio de la Educaci\u00f3n Secundaria Com\u00fan, anteriores al decreto N\u00ba 141\/96<br>Ciclo B\u00e1sico completo de Planes de Estudios de otras provincias, sin rendir equivalencias.<br>1, 2, 3 y 4 A\u00f1o completos de Planes de Estudio de Centros Educativos de la UNC (Escuela Nacional Manuel Belgrano y Colegio Monserrat), sin rendir equivalencias<\/p>\n\n\n\n<h4 class=\"gb-headline gb-headline-022173f8 gb-headline-text\"><em>Requisitos para terminar el secundario a distancia<\/em><\/h4>\n\n\n\n<p><strong>Para ingresar 3\u00ba &#8211; A\u00f1o Plan Adultos<br><\/strong>Edad: 18 a\u00f1os cumplidos al 30 de junio<br>Opciones a Acreditar:<br>2 A\u00f1o Plan de Estudio Resoluci\u00f3n Nro148\/13.<br>1 y 2 A\u00f1o completos de Planes de Estudio de la Modalidad de J\u00f3venes y Adultos anteriores a la Resoluci\u00f3n Nro 148\/13 (Ejemplos: Decreto Nro 187\/98 Y Nro 1070\/00; Decreto Nro 102\/97, Resoluci\u00f3n Nro206\/83).<br>3 a\u00f1o completo de Planes de Estudio de la Educaci\u00f3n Secundaria Com\u00fan anteriores al Decreto Nro141\/96.<br>Ciclo B\u00e1sico Plande Estudio Resoluci\u00f3n Nro29\/10 completo y 4A\u00f1o completo del Ciclo Orientado Resoluci\u00f3n Nro668\/11 Y sus equivalentes de la Educaci\u00f3n T\u00e9cnica Profesional y Educaci\u00f3n Rural<br>EGB 3 completo y 1\u00aa a\u00f1o Polimodal completo de otras provincias, o adeudar hasta dos disciplinas de ll\u00aa a\u00f1o del polimodal<br>1, 2, 3, 4 y 5 A\u00f1o completos o adeudar no m\u00e1s de 2 disciplinas del 5 A\u00f1o de Planes de Estudio de Centros Educativos de la UNC(Escuela Nacional Manuel Belgrano y Colegio Monserrat).<\/p>\n\n<\/div><\/div>\n<\/div><\/div>\n<\/div><\/details><\/div>\n<\/div><\/div>\n\n<div class=\"gb-button-wrapper gb-button-wrapper-578a3773\">\n\n<a class=\"gb-button gb-button-268992da\" href=\"https:\/\/drive.google.com\/file\/d\/1BRBSkDExpJ0H8Pe5scXA6kYVnRcnlrbo\/view?usp=sharing\" target=\"_blank\" rel=\"noopener noreferrer\"><span class=\"gb-icon\"><svg aria-hidden=\"true\" role=\"img\" height=\"1em\" width=\"1em\" viewBox=\"0 0 448 512\" xmlns=\"http:\/\/www.w3.org\/2000\/svg\"><path fill=\"currentColor\" d=\"M16 132h416c8.837 0 16-7.163 16-16V76c0-8.837-7.163-16-16-16H16C7.163 60 0 67.163 0 76v40c0 8.837 7.163 16 16 16zm0 160h416c8.837 0 16-7.163 16-16v-40c0-8.837-7.163-16-16-16H16c-8.837 0-16 7.163-16 16v40c0 8.837 7.163 16 16 16zm0 160h416c8.837 0 16-7.163 16-16v-40c0-8.837-7.163-16-16-16H16c-8.837 0-16 7.163-16 16v40c0 8.837 7.163 16 16 16z\"><\/path><\/svg><\/span><span class=\"gb-button-text\">DESCARGAR APTO PSICOF\u00cdSICO<\/span><\/a>\n\n\n\n<a class=\"gb-button gb-button-e704ca76\" href=\"https:\/\/forms.gle\/MzmSWz5XiZejuH6x6\" target=\"_blank\" rel=\"noopener noreferrer\"><span class=\"gb-icon\"><svg aria-hidden=\"true\" role=\"img\" height=\"1em\" width=\"1em\" viewBox=\"0 0 448 512\" xmlns=\"http:\/\/www.w3.org\/2000\/svg\"><path fill=\"currentColor\" d=\"M16 132h416c8.837 0 16-7.163 16-16V76c0-8.837-7.163-16-16-16H16C7.163 60 0 67.163 0 76v40c0 8.837 7.163 16 16 16zm0 160h416c8.837 0 16-7.163 16-16v-40c0-8.837-7.163-16-16-16H16c-8.837 0-16 7.163-16 16v40c0 8.837 7.163 16 16 16zm0 160h416c8.837 0 16-7.163 16-16v-40c0-8.837-7.163-16-16-16H16c-8.837 0-16 7.163-16 16v40c0 8.837 7.163 16 16 16z\"><\/path><\/svg><\/span><span class=\"gb-button-text\">PREINSCRIBITE AQU\u00cd<\/span><\/a>\n\n<\/div>\n\n\n<hr class=\"wp-block-separator has-text-color has-contrast-3-color has-css-opacity has-contrast-3-background-color has-background\"\/>\n\n\n\n<h3 class=\"gb-headline gb-headline-30dba62e gb-headline-text\"><strong><em>Ahora ya sab\u00e9s d\u00f3nde estudiar y terminar el secundario a distancia en C\u00f3rdoba y desde todo el pa\u00eds!!<\/em><\/strong><\/h3>\n\n\n\n<hr class=\"wp-block-separator has-text-color has-contrast-3-color has-css-opacity has-contrast-3-background-color has-background\"\/>\n\n\n<div class=\"gb-grid-wrapper gb-grid-wrapper-91201309\">\n<div class=\"gb-grid-column gb-grid-column-15a917ef\"><div class=\"gb-container gb-container-15a917ef\"><div class=\"gb-inside-container\">\n\n<h3 class=\"gb-headline gb-headline-f2deb261\"><span class=\"gb-icon\"><svg viewBox=\"0 0 15 15\" fill=\"none\" xmlns=\"http:\/\/www.w3.org\/2000\/svg\" width=\"30\" height=\"30\"><path fill-rule=\"evenodd\" clip-rule=\"evenodd\" d=\"M0 7.5a7.5 7.5 0 1115 0 7.5 7.5 0 01-15 0zM7 11V8H4V7h3V4h1v3h3v1H8v3H7z\" fill=\"currentColor\"><\/path><\/svg><\/span><span class=\"gb-headline-text\">Plan +25 A\u00d1OS<\/span><\/h3>\n\n\n\n<p>Si ten\u00e9s m\u00e1s de 25 a\u00f1os contamos con un PLAN ESPECIAL para vos, donde podr\u00e1s completar el CBU (Ciclo B\u00e1sico Unificado) y una Tecnicatura Superior.<\/p>\n\n<\/div><\/div><\/div>\n\n<div class=\"gb-grid-column gb-grid-column-18357188\"><div class=\"gb-container gb-container-18357188\"><div class=\"gb-inside-container\">\n<div class=\"gb-button-wrapper gb-button-wrapper-5e270e0a\">\n\n<a class=\"gb-button gb-button-509e8e50 gb-button-text\" href=\"https:\/\/www.institutosaber.edu.ar\/bachillerato\/plan25-cb-bachillerato-1-ano\/\">Ahora es tu MOMENTO <\/a>\n\n<\/div>\n<\/div><\/div><\/div>\n<\/div>\n\n\n<div style=\"height:22px\" aria-hidden=\"true\" class=\"wp-block-spacer\"><\/div>\n\n\n\n<h2 class=\"wp-block-heading has-text-align-center has-contrast-2-color has-text-color has-large-font-size\" id=\"h-beneficiosbachillerato-a-distancia\" style=\"font-style:normal;font-weight:700;text-transform:capitalize\">+<strong>BENEFICIOS<\/strong><br><strong>Bachillerato a Distancia<\/strong><\/h2>\n\n\n<div class=\"gb-grid-wrapper gb-grid-wrapper-4ae370ad\">\n<div class=\"gb-grid-column gb-grid-column-c647b9b0\"><div class=\"gb-container gb-container-c647b9b0\"><div class=\"gb-inside-container\">\n\n<h3 class=\"gb-headline gb-headline-c0d53509 gb-headline-text\"><a href=\"https:\/\/www.institutosaber.edu.ar\/bachillerato\/beneficios-para-alumnos\/\">CLUB DE<br>BENEFICIOS<\/a><\/h3>\n\n\n\n<p class=\"has-text-align-center has-white-color has-text-color\">Si sos parte de nuestra comunidad tendr\u00e1s tu tarjeta DIGITAL para disfrutar de  muchos beneficios.<\/p>\n\n<\/div><\/div><\/div>\n\n<div class=\"gb-grid-column gb-grid-column-bac878aa\"><div class=\"gb-container gb-container-bac878aa\"><div class=\"gb-inside-container\">\n\n<h3 class=\"gb-headline gb-headline-21597f7c gb-headline-text\"><a href=\"https:\/\/www.institutosaber.edu.ar\/bachillerato\/plan-somos-familia\/\">PLAN<br>FAMILAR<\/a><\/h3>\n\n\n\n<p class=\"has-text-align-center has-white-color has-text-color\">Somos comunidad SABER y tenemos beneficios especiales para vos y tus familiares en cuotas y m\u00e1s. <br><\/p>\n\n<\/div><\/div><\/div>\n\n<div class=\"gb-grid-column gb-grid-column-df68d9ab\"><div class=\"gb-container gb-container-df68d9ab\"><div class=\"gb-inside-container\">\n\n<h3 class=\"gb-headline gb-headline-ef18fdf9 gb-headline-text\"><a href=\"https:\/\/www.institutosaber.edu.ar\/bachillerato\/beneficios-para-empresas-amigas\/\">ORGANIZACIONES<br>AMIGAS<\/a><\/h3>\n\n\n\n<p class=\"has-text-align-center has-white-color has-text-color\">Realizamos convenios con empresas para que puedas completar tu carrera a un precio diferenciado.<\/p>\n\n<\/div><\/div><\/div>\n\n<div class=\"gb-grid-column gb-grid-column-1e97d45f\"><div class=\"gb-container gb-container-1e97d45f\"><div class=\"gb-inside-container\">\n\n<h3 class=\"gb-headline gb-headline-ba147eeb gb-headline-text\"><a href=\"https:\/\/www.institutosaber.edu.ar\/bachillerato\/plan-amigos-referidos\/\">PLAN DE<br>REFERIDOS<\/a><\/h3>\n\n\n\n<p class=\"has-text-align-center has-white-color has-text-color\">Si refer\u00eds a una persona te trasladamos el monto de inscripci\u00f3n que abone tu referido. Sin tope!<\/p>\n\n<\/div><\/div><\/div>\n<\/div>\n<\/div><\/div>\n\n\n<div class=\"wp-block-group alignfull has-base-2-background-color has-text-color has-background\" style=\"color:#000000\"><div class=\"wp-block-group__inner-container is-layout-flow wp-block-group-is-layout-flow\">\n<p class=\"has-text-align-center has-small-font-size\" style=\"line-height:.9\"><strong>Es momento de poner tu futuro en marcha<\/strong><\/p>\n\n\n\n<h2 class=\"wp-block-heading has-text-align-center\" id=\"schedule-a-visit\" style=\"font-size:59px;line-height:1.15\"><strong>Termin\u00e1 tu secundario en SABER.<\/strong><\/h2>\n\n\n<div class=\"gb-container gb-container-9c5bad3f\">\n<div class=\"gb-container gb-container-090ff713\">\n<div class=\"gb-grid-wrapper gb-grid-wrapper-6465241b\">\n<div class=\"gb-grid-column gb-grid-column-9c81df1e\"><div class=\"gb-container gb-container-9c81df1e\">\n\n<a class=\"gb-button gb-button-39e42af8\" href=\"https:\/\/www.institutosaber.edu.ar\/bachillerato\/contacto-bachiller-online\/\"><span class=\"gb-icon\"><svg xmlns=\"http:\/\/www.w3.org\/2000\/svg\" viewBox=\"0 0 512 512\" width=\"1em\" height=\"1em\" aria-hidden=\"true\"><path d=\"M464 64H48C21.49 64 0 85.49 0 112v288c0 26.51 21.49 48 48 48h416c26.51 0 48-21.49 48-48V112c0-26.51-21.49-48-48-48zm0 48v40.805c-22.422 18.259-58.168 46.651-134.587 106.49-16.841 13.247-50.201 45.072-73.413 44.701-23.208.375-56.579-31.459-73.413-44.701C106.18 199.465 70.425 171.067 48 152.805V112h416zM48 400V214.398c22.914 18.251 55.409 43.862 104.938 82.646 21.857 17.205 60.134 55.186 103.062 54.955 42.717.231 80.509-37.199 103.053-54.947 49.528-38.783 82.032-64.401 104.947-82.653V400H48z\" fill=\"currentColor\"><\/path><\/svg><\/span><span class=\"gb-button-text\"> contacto<\/span><\/a>\n\n<\/div><\/div>\n\n<div class=\"gb-grid-column gb-grid-column-3cfcb9cf\"><div class=\"gb-container gb-container-3cfcb9cf\">\n\n<a class=\"gb-button gb-button-67882daa\" href=\"https:\/\/wa.link\/86wtwp\" target=\"_blank\" rel=\"noopener noreferrer\"><span class=\"gb-icon\"><svg aria-hidden=\"true\" role=\"img\" height=\"1em\" width=\"1em\" viewBox=\"0 0 448 512\" xmlns=\"http:\/\/www.w3.org\/2000\/svg\"><path fill=\"currentColor\" d=\"M380.9 97.1C339 55.1 283.2 32 223.9 32c-122.4 0-222 99.6-222 222 0 39.1 10.2 77.3 29.6 111L0 480l117.7-30.9c32.4 17.7 68.9 27 106.1 27h.1c122.3 0 224.1-99.6 224.1-222 0-59.3-25.2-115-67.1-157zm-157 341.6c-33.2 0-65.7-8.9-94-25.7l-6.7-4-69.8 18.3L72 359.2l-4.4-7c-18.5-29.4-28.2-63.3-28.2-98.2 0-101.7 82.8-184.5 184.6-184.5 49.3 0 95.6 19.2 130.4 54.1 34.8 34.9 56.2 81.2 56.1 130.5 0 101.8-84.9 184.6-186.6 184.6zm101.2-138.2c-5.5-2.8-32.8-16.2-37.9-18-5.1-1.9-8.8-2.8-12.5 2.8-3.7 5.6-14.3 18-17.6 21.8-3.2 3.7-6.5 4.2-12 1.4-32.6-16.3-54-29.1-75.5-66-5.7-9.8 5.7-9.1 16.3-30.3 1.8-3.7.9-6.9-.5-9.7-1.4-2.8-12.5-30.1-17.1-41.2-4.5-10.8-9.1-9.3-12.5-9.5-3.2-.2-6.9-.2-10.6-.2-3.7 0-9.7 1.4-14.8 6.9-5.1 5.6-19.4 19-19.4 46.3 0 27.3 19.9 53.7 22.6 57.4 2.8 3.7 39.1 59.7 94.8 83.8 35.2 15.2 49 16.5 66.6 13.9 10.7-1.6 32.8-13.4 37.4-26.4 4.6-13 4.6-24.1 3.2-26.4-1.3-2.5-5-3.9-10.5-6.6z\"><\/path><\/svg><\/span><span class=\"gb-button-text\">Whatsapp<\/span><\/a>\n\n<\/div><\/div>\n<\/div>\n<\/div>\n<\/div><\/div><\/div>\n\n\n\n<p><\/p>\n","protected":false},"excerpt":{"rendered":"<p>Terminar el secundario a distancia Y MEJORA tu futuro. CICLO ORIENTADO Toda la Info para estudiar yterminar el secundario a distancia Proyectarte al mercado laboral requiere que cuentes con el bachillerato finalizado. Las empresas y organizaciones de todos los sectores consideran que es indispensable que su Capital Humano termine el secundario a distancia.Complet\u00e1 el Ciclo &#8230; <a title=\"terminar el secundario a distancia\" class=\"read-more\" href=\"https:\/\/www.institutosaber.edu.ar\/bachillerato\/terminar-el-secundario\/\" aria-label=\"Leer m\u00e1s sobre terminar el secundario a distancia\">Leer m\u00e1s<\/a><\/p>\n","protected":false},"author":2,"featured_media":0,"parent":0,"menu_order":0,"comment_status":"closed","ping_status":"closed","template":"","meta":{"inline_featured_image":false,"footnotes":""},"class_list":["post-1008","page","type-page","status-publish"],"yoast_head":"<!-- This site is optimized with the Yoast SEO plugin v27.5 - https:\/\/yoast.com\/product\/yoast-seo-wordpress\/ -->\n<title>terminar el secundario a distancia - Bachiller Instituto SABER<\/title>\n<meta name=\"description\" content=\"En SABER pod\u00e9s terminar el secundario a distancia desde todo el pa\u00eds, con tutor\u00edas virtuales en vivo. T\u00edtulo Oficial con validez nacional.\" \/>\n<meta name=\"robots\" content=\"index, follow, max-snippet:-1, max-image-preview:large, max-video-preview:-1\" \/>\n<link rel=\"canonical\" href=\"https:\/\/www.institutosaber.edu.ar\/bachillerato\/terminar-el-secundario\/\" \/>\n<meta property=\"og:locale\" content=\"es_ES\" \/>\n<meta property=\"og:type\" content=\"article\" \/>\n<meta property=\"og:title\" content=\"terminar el secundario a distancia - Bachiller Instituto SABER\" \/>\n<meta property=\"og:description\" content=\"En SABER pod\u00e9s terminar el secundario a distancia desde todo el pa\u00eds, con tutor\u00edas virtuales en vivo. T\u00edtulo Oficial con validez nacional.\" \/>\n<meta property=\"og:url\" content=\"https:\/\/www.institutosaber.edu.ar\/bachillerato\/terminar-el-secundario\/\" \/>\n<meta property=\"og:site_name\" content=\"Bachiller Instituto SABER\" \/>\n<meta property=\"article:publisher\" content=\"https:\/\/www.facebook.com\/institutosaber.ar\" \/>\n<meta property=\"article:modified_time\" content=\"2026-02-23T12:50:36+00:00\" \/>\n<meta property=\"og:image\" content=\"https:\/\/www.institutosaber.edu.ar\/bachillerato\/wp-content\/uploads\/2026\/02\/BOTON_CicloOrientado.webp\" \/>\n\t<meta property=\"og:image:width\" content=\"995\" \/>\n\t<meta property=\"og:image:height\" content=\"941\" \/>\n\t<meta property=\"og:image:type\" content=\"image\/webp\" \/>\n<meta name=\"twitter:card\" content=\"summary_large_image\" \/>\n<meta name=\"twitter:site\" content=\"@Comunidadsaber\" \/>\n<meta name=\"twitter:label1\" content=\"Tiempo de lectura\" \/>\n\t<meta name=\"twitter:data1\" content=\"16 minutos\" \/>\n<script type=\"application\/ld+json\" class=\"yoast-schema-graph\">{\"@context\":\"https:\\\/\\\/schema.org\",\"@graph\":[{\"@type\":\"WebPage\",\"@id\":\"https:\\\/\\\/www.institutosaber.edu.ar\\\/bachillerato\\\/terminar-el-secundario\\\/\",\"url\":\"https:\\\/\\\/www.institutosaber.edu.ar\\\/bachillerato\\\/terminar-el-secundario\\\/\",\"name\":\"terminar el secundario a distancia - Bachiller Instituto SABER\",\"isPartOf\":{\"@id\":\"https:\\\/\\\/www.institutosaber.edu.ar\\\/bachillerato\\\/#website\"},\"primaryImageOfPage\":{\"@id\":\"https:\\\/\\\/www.institutosaber.edu.ar\\\/bachillerato\\\/terminar-el-secundario\\\/#primaryimage\"},\"image\":{\"@id\":\"https:\\\/\\\/www.institutosaber.edu.ar\\\/bachillerato\\\/terminar-el-secundario\\\/#primaryimage\"},\"thumbnailUrl\":\"https:\\\/\\\/www.institutosaber.edu.ar\\\/bachillerato\\\/wp-content\\\/uploads\\\/2026\\\/02\\\/BOTON_CicloOrientado.webp\",\"datePublished\":\"2022-04-27T19:11:50+00:00\",\"dateModified\":\"2026-02-23T12:50:36+00:00\",\"description\":\"En SABER pod\u00e9s terminar el secundario a distancia desde todo el pa\u00eds, con tutor\u00edas virtuales en vivo. T\u00edtulo Oficial con validez nacional.\",\"breadcrumb\":{\"@id\":\"https:\\\/\\\/www.institutosaber.edu.ar\\\/bachillerato\\\/terminar-el-secundario\\\/#breadcrumb\"},\"inLanguage\":\"es\",\"potentialAction\":[{\"@type\":\"ReadAction\",\"target\":[\"https:\\\/\\\/www.institutosaber.edu.ar\\\/bachillerato\\\/terminar-el-secundario\\\/\"]}]},{\"@type\":\"ImageObject\",\"inLanguage\":\"es\",\"@id\":\"https:\\\/\\\/www.institutosaber.edu.ar\\\/bachillerato\\\/terminar-el-secundario\\\/#primaryimage\",\"url\":\"https:\\\/\\\/www.institutosaber.edu.ar\\\/bachillerato\\\/wp-content\\\/uploads\\\/2026\\\/02\\\/BOTON_CicloOrientado.webp\",\"contentUrl\":\"https:\\\/\\\/www.institutosaber.edu.ar\\\/bachillerato\\\/wp-content\\\/uploads\\\/2026\\\/02\\\/BOTON_CicloOrientado.webp\"},{\"@type\":\"BreadcrumbList\",\"@id\":\"https:\\\/\\\/www.institutosaber.edu.ar\\\/bachillerato\\\/terminar-el-secundario\\\/#breadcrumb\",\"itemListElement\":[{\"@type\":\"ListItem\",\"position\":1,\"name\":\"Portada\",\"item\":\"https:\\\/\\\/www.institutosaber.edu.ar\\\/bachillerato\\\/\"},{\"@type\":\"ListItem\",\"position\":2,\"name\":\"terminar el secundario a distancia\"}]},{\"@type\":\"WebSite\",\"@id\":\"https:\\\/\\\/www.institutosaber.edu.ar\\\/bachillerato\\\/#website\",\"url\":\"https:\\\/\\\/www.institutosaber.edu.ar\\\/bachillerato\\\/\",\"name\":\"Bachiller Instituto SABER\",\"description\":\"Instituto Saber - Termina el secundario online\",\"publisher\":{\"@id\":\"https:\\\/\\\/www.institutosaber.edu.ar\\\/bachillerato\\\/#organization\"},\"potentialAction\":[{\"@type\":\"SearchAction\",\"target\":{\"@type\":\"EntryPoint\",\"urlTemplate\":\"https:\\\/\\\/www.institutosaber.edu.ar\\\/bachillerato\\\/?s={search_term_string}\"},\"query-input\":{\"@type\":\"PropertyValueSpecification\",\"valueRequired\":true,\"valueName\":\"search_term_string\"}}],\"inLanguage\":\"es\"},{\"@type\":\"Organization\",\"@id\":\"https:\\\/\\\/www.institutosaber.edu.ar\\\/bachillerato\\\/#organization\",\"name\":\"Bachiller Instituto SABER\",\"url\":\"https:\\\/\\\/www.institutosaber.edu.ar\\\/bachillerato\\\/\",\"logo\":{\"@type\":\"ImageObject\",\"inLanguage\":\"es\",\"@id\":\"https:\\\/\\\/www.institutosaber.edu.ar\\\/bachillerato\\\/#\\\/schema\\\/logo\\\/image\\\/\",\"url\":\"https:\\\/\\\/www.institutosaber.edu.ar\\\/bachillerato\\\/wp-content\\\/uploads\\\/2022\\\/10\\\/LogoSABERBachiller-Gris.webp\",\"contentUrl\":\"https:\\\/\\\/www.institutosaber.edu.ar\\\/bachillerato\\\/wp-content\\\/uploads\\\/2022\\\/10\\\/LogoSABERBachiller-Gris.webp\",\"width\":302,\"height\":107,\"caption\":\"Bachiller Instituto SABER\"},\"image\":{\"@id\":\"https:\\\/\\\/www.institutosaber.edu.ar\\\/bachillerato\\\/#\\\/schema\\\/logo\\\/image\\\/\"},\"sameAs\":[\"https:\\\/\\\/www.facebook.com\\\/institutosaber.ar\",\"https:\\\/\\\/x.com\\\/Comunidadsaber\",\"https:\\\/\\\/www.instagram.com\\\/institutosaber.ar\\\/\",\"https:\\\/\\\/www.youtube.com\\\/channel\\\/UCu7whMsW7UtjUuU4KTo5GAQ\",\"https:\\\/\\\/www.linkedin.com\\\/school\\\/institutosaber\\\/\"]}]}<\/script>\n<!-- \/ Yoast SEO plugin. -->","yoast_head_json":{"title":"terminar el secundario a distancia - Bachiller Instituto SABER","description":"En SABER pod\u00e9s terminar el secundario a distancia desde todo el pa\u00eds, con tutor\u00edas virtuales en vivo. T\u00edtulo Oficial con validez nacional.","robots":{"index":"index","follow":"follow","max-snippet":"max-snippet:-1","max-image-preview":"max-image-preview:large","max-video-preview":"max-video-preview:-1"},"canonical":"https:\/\/www.institutosaber.edu.ar\/bachillerato\/terminar-el-secundario\/","og_locale":"es_ES","og_type":"article","og_title":"terminar el secundario a distancia - Bachiller Instituto SABER","og_description":"En SABER pod\u00e9s terminar el secundario a distancia desde todo el pa\u00eds, con tutor\u00edas virtuales en vivo. T\u00edtulo Oficial con validez nacional.","og_url":"https:\/\/www.institutosaber.edu.ar\/bachillerato\/terminar-el-secundario\/","og_site_name":"Bachiller Instituto SABER","article_publisher":"https:\/\/www.facebook.com\/institutosaber.ar","article_modified_time":"2026-02-23T12:50:36+00:00","og_image":[{"width":995,"height":941,"url":"https:\/\/www.institutosaber.edu.ar\/bachillerato\/wp-content\/uploads\/2026\/02\/BOTON_CicloOrientado.webp","type":"image\/webp"}],"twitter_card":"summary_large_image","twitter_site":"@Comunidadsaber","twitter_misc":{"Tiempo de lectura":"16 minutos"},"schema":{"@context":"https:\/\/schema.org","@graph":[{"@type":"WebPage","@id":"https:\/\/www.institutosaber.edu.ar\/bachillerato\/terminar-el-secundario\/","url":"https:\/\/www.institutosaber.edu.ar\/bachillerato\/terminar-el-secundario\/","name":"terminar el secundario a distancia - Bachiller Instituto SABER","isPartOf":{"@id":"https:\/\/www.institutosaber.edu.ar\/bachillerato\/#website"},"primaryImageOfPage":{"@id":"https:\/\/www.institutosaber.edu.ar\/bachillerato\/terminar-el-secundario\/#primaryimage"},"image":{"@id":"https:\/\/www.institutosaber.edu.ar\/bachillerato\/terminar-el-secundario\/#primaryimage"},"thumbnailUrl":"https:\/\/www.institutosaber.edu.ar\/bachillerato\/wp-content\/uploads\/2026\/02\/BOTON_CicloOrientado.webp","datePublished":"2022-04-27T19:11:50+00:00","dateModified":"2026-02-23T12:50:36+00:00","description":"En SABER pod\u00e9s terminar el secundario a distancia desde todo el pa\u00eds, con tutor\u00edas virtuales en vivo. T\u00edtulo Oficial con validez nacional.","breadcrumb":{"@id":"https:\/\/www.institutosaber.edu.ar\/bachillerato\/terminar-el-secundario\/#breadcrumb"},"inLanguage":"es","potentialAction":[{"@type":"ReadAction","target":["https:\/\/www.institutosaber.edu.ar\/bachillerato\/terminar-el-secundario\/"]}]},{"@type":"ImageObject","inLanguage":"es","@id":"https:\/\/www.institutosaber.edu.ar\/bachillerato\/terminar-el-secundario\/#primaryimage","url":"https:\/\/www.institutosaber.edu.ar\/bachillerato\/wp-content\/uploads\/2026\/02\/BOTON_CicloOrientado.webp","contentUrl":"https:\/\/www.institutosaber.edu.ar\/bachillerato\/wp-content\/uploads\/2026\/02\/BOTON_CicloOrientado.webp"},{"@type":"BreadcrumbList","@id":"https:\/\/www.institutosaber.edu.ar\/bachillerato\/terminar-el-secundario\/#breadcrumb","itemListElement":[{"@type":"ListItem","position":1,"name":"Portada","item":"https:\/\/www.institutosaber.edu.ar\/bachillerato\/"},{"@type":"ListItem","position":2,"name":"terminar el secundario a distancia"}]},{"@type":"WebSite","@id":"https:\/\/www.institutosaber.edu.ar\/bachillerato\/#website","url":"https:\/\/www.institutosaber.edu.ar\/bachillerato\/","name":"Bachiller Instituto SABER","description":"Instituto Saber - Termina el secundario online","publisher":{"@id":"https:\/\/www.institutosaber.edu.ar\/bachillerato\/#organization"},"potentialAction":[{"@type":"SearchAction","target":{"@type":"EntryPoint","urlTemplate":"https:\/\/www.institutosaber.edu.ar\/bachillerato\/?s={search_term_string}"},"query-input":{"@type":"PropertyValueSpecification","valueRequired":true,"valueName":"search_term_string"}}],"inLanguage":"es"},{"@type":"Organization","@id":"https:\/\/www.institutosaber.edu.ar\/bachillerato\/#organization","name":"Bachiller Instituto SABER","url":"https:\/\/www.institutosaber.edu.ar\/bachillerato\/","logo":{"@type":"ImageObject","inLanguage":"es","@id":"https:\/\/www.institutosaber.edu.ar\/bachillerato\/#\/schema\/logo\/image\/","url":"https:\/\/www.institutosaber.edu.ar\/bachillerato\/wp-content\/uploads\/2022\/10\/LogoSABERBachiller-Gris.webp","contentUrl":"https:\/\/www.institutosaber.edu.ar\/bachillerato\/wp-content\/uploads\/2022\/10\/LogoSABERBachiller-Gris.webp","width":302,"height":107,"caption":"Bachiller Instituto SABER"},"image":{"@id":"https:\/\/www.institutosaber.edu.ar\/bachillerato\/#\/schema\/logo\/image\/"},"sameAs":["https:\/\/www.facebook.com\/institutosaber.ar","https:\/\/x.com\/Comunidadsaber","https:\/\/www.instagram.com\/institutosaber.ar\/","https:\/\/www.youtube.com\/channel\/UCu7whMsW7UtjUuU4KTo5GAQ","https:\/\/www.linkedin.com\/school\/institutosaber\/"]}]}},"_links":{"self":[{"href":"https:\/\/www.institutosaber.edu.ar\/bachillerato\/wp-json\/wp\/v2\/pages\/1008","targetHints":{"allow":["GET"]}}],"collection":[{"href":"https:\/\/www.institutosaber.edu.ar\/bachillerato\/wp-json\/wp\/v2\/pages"}],"about":[{"href":"https:\/\/www.institutosaber.edu.ar\/bachillerato\/wp-json\/wp\/v2\/types\/page"}],"author":[{"embeddable":true,"href":"https:\/\/www.institutosaber.edu.ar\/bachillerato\/wp-json\/wp\/v2\/users\/2"}],"replies":[{"embeddable":true,"href":"https:\/\/www.institutosaber.edu.ar\/bachillerato\/wp-json\/wp\/v2\/comments?post=1008"}],"version-history":[{"count":82,"href":"https:\/\/www.institutosaber.edu.ar\/bachillerato\/wp-json\/wp\/v2\/pages\/1008\/revisions"}],"predecessor-version":[{"id":4193,"href":"https:\/\/www.institutosaber.edu.ar\/bachillerato\/wp-json\/wp\/v2\/pages\/1008\/revisions\/4193"}],"wp:attachment":[{"href":"https:\/\/www.institutosaber.edu.ar\/bachillerato\/wp-json\/wp\/v2\/media?parent=1008"}],"curies":[{"name":"wp","href":"https:\/\/api.w.org\/{rel}","templated":true}]}}